{"id":758,"date":"2020-10-24T11:33:15","date_gmt":"2020-10-24T09:33:15","guid":{"rendered":"http:\/\/fwg-woellstadt.de\/?page_id=758"},"modified":"2020-10-24T11:59:05","modified_gmt":"2020-10-24T09:59:05","slug":"aktuelles","status":"publish","type":"page","link":"http:\/\/fwg-woellstadt.de\/index.php\/aktuelles\/","title":{"rendered":"Aktuelles"},"content":{"rendered":"<div class=\"pt-cv-wrapper\"><div class=\"cvp-live-filter cvp-dropdown \" id=\"\" data-name=\"tx_post_tag\" data-sid=\"04fea7a03f\"><label class=\"cvp-label\">Themenfilter<\/label><select name=\"tx_post_tag\"><option value=\"\">All<\/option><option value=\"absolute-cdu-mehrheit-abwaehlen\" >absolute CDU-Mehrheit abw\u00e4hlen<span class=\"cvp-count\"> (9)<\/span><\/option><option value=\"angelteiche\" >Angelteiche<span class=\"cvp-count\"> (7)<\/span><\/option><option value=\"aerztliche-grundversorgung\" >\u00e4rztliche Grundversorgung<span class=\"cvp-count\"> (5)<\/span><\/option><option value=\"bahnhof\" >Bahnhof<span class=\"cvp-count\"> (4)<\/span><\/option><option value=\"bauamt\" >Bauamt<span class=\"cvp-count\"> (4)<\/span><\/option><option value=\"baugebiet-friedhof\" >Baugebiet am Friedhof<span class=\"cvp-count\"> (1)<\/span><\/option><option value=\"bezahlbarer-wohnraum\" >bezahlbarer Wohnraum<span class=\"cvp-count\"> (3)<\/span><\/option><option value=\"bluehwiese\" >Bl\u00fchwiese<span class=\"cvp-count\"> (2)<\/span><\/option><option value=\"buergerhaus\" >B\u00fcrgerhaus<span class=\"cvp-count\"> (23)<\/span><\/option><option value=\"corona\" >Corona<span class=\"cvp-count\"> (27)<\/span><\/option><option value=\"demokratie\" >Demokratie<span class=\"cvp-count\"> (1)<\/span><\/option><option value=\"digitalisierung\" >Digitalisierung<span class=\"cvp-count\"> (2)<\/span><\/option><option value=\"ehrenamt\" >Ehrenamt<span class=\"cvp-count\"> (4)<\/span><\/option><option value=\"ferienspiele\" >Ferienspiele<span class=\"cvp-count\"> (4)<\/span><\/option><option value=\"feuerwehr\" >Feuerwehr<span class=\"cvp-count\"> (3)<\/span><\/option><option value=\"friedhof\" >Friedhof<span class=\"cvp-count\"> (2)<\/span><\/option><option value=\"fwg-naeher-am-menschen\" >FWG - n\u00e4her am Menschen<span class=\"cvp-count\"> (22)<\/span><\/option><option value=\"fwg-buergerbefragung\" >FWG-B\u00fcrgerbefragung<span class=\"cvp-count\"> (15)<\/span><\/option><option value=\"gebuehren\" >Geb\u00fchren<span class=\"cvp-count\"> (1)<\/span><\/option><option value=\"gemeindeentwicklung\" >Gemeindeentwicklung<span class=\"cvp-count\"> (24)<\/span><\/option><option value=\"gewerbe\" >Gewerbe<span class=\"cvp-count\"> (6)<\/span><\/option><option value=\"glasfaser\" >Glasfaser<span class=\"cvp-count\"> (1)<\/span><\/option><option value=\"gleichbehandlung-nieder-und-ober-woellstadt\" >Gleichbehandlung Nieder- und Ober-W\u00f6llstadt<span class=\"cvp-count\"> (1)<\/span><\/option><option value=\"gruener-tisch\" >Gr\u00fcner Tisch<span class=\"cvp-count\"> (1)<\/span><\/option><option value=\"haushalt\" >Haushalt<span class=\"cvp-count\"> (27)<\/span><\/option><option value=\"hochwasserschutz\" >Hochwasserschutz<span class=\"cvp-count\"> (1)<\/span><\/option><option value=\"jugendliche\" >Jugendliche<span class=\"cvp-count\"> (6)<\/span><\/option><option value=\"kinderbetreuung\" >Kinderbetreuung<span class=\"cvp-count\"> (39)<\/span><\/option><option value=\"klimaschutz\" >Klimaschutz<span class=\"cvp-count\"> (2)<\/span><\/option><option value=\"kommunalwahl\" >Kommunalwahl 2021<span class=\"cvp-count\"> (3)<\/span><\/option><option value=\"kulturhalle\" >Kulturhalle<span class=\"cvp-count\"> (20)<\/span><\/option><option value=\"landwirtschaft\" >Landwirtschaft<span class=\"cvp-count\"> (1)<\/span><\/option><option value=\"miethaeuser\" >Mieth\u00e4user<span class=\"cvp-count\"> (4)<\/span><\/option><option value=\"nachhaltigkeit\" >Nachhaltigkeit<span class=\"cvp-count\"> (13)<\/span><\/option><option value=\"naherholung\" >Naherholung<span class=\"cvp-count\"> (6)<\/span><\/option><option value=\"nahversorgung\" >Nahversorgung<span class=\"cvp-count\"> (3)<\/span><\/option><option value=\"naturschutz\" >Naturschutz<span class=\"cvp-count\"> (11)<\/span><\/option><option value=\"neubaugebiet\" >Neubaugebiet<span class=\"cvp-count\"> (7)<\/span><\/option><option value=\"neue-kita\" >neue Kita<span class=\"cvp-count\"> (1)<\/span><\/option><option value=\"oepnv\" >\u00d6PNV<span class=\"cvp-count\"> (15)<\/span><\/option><option value=\"radfahren\" >Radfahren<span class=\"cvp-count\"> (12)<\/span><\/option><option value=\"rathaus\" >Rathaus<span class=\"cvp-count\"> (5)<\/span><\/option><option value=\"ratsinformationssystem\" >Ratsinformationssystem<span class=\"cvp-count\"> (1)<\/span><\/option><option value=\"roemerhalle\" >R\u00f6merhalle<span class=\"cvp-count\"> (1)<\/span><\/option><option value=\"internet\" >schnelles Internet<span class=\"cvp-count\"> (2)<\/span><\/option><option value=\"schule\" >Schule<span class=\"cvp-count\"> (6)<\/span><\/option><option value=\"senioren\" >Senioren<span class=\"cvp-count\"> (5)<\/span><\/option><option value=\"sicherheit\" >Sicherheit<span class=\"cvp-count\"> (3)<\/span><\/option><option value=\"soziales\" >Soziales<span class=\"cvp-count\"> (3)<\/span><\/option><option value=\"spielplaetze\" >Spielpl\u00e4tze<span class=\"cvp-count\"> (12)<\/span><\/option><option value=\"sporthalle\" >Sporthalle<span class=\"cvp-count\"> (20)<\/span><\/option><option value=\"sportplaetze\" >Sportpl\u00e4tze<span class=\"cvp-count\"> (6)<\/span><\/option><option value=\"steuer\" >Steuer<span class=\"cvp-count\"> (9)<\/span><\/option><option value=\"strassenbaubeitraege\" >Stra\u00dfenbaubeitr\u00e4ge<span class=\"cvp-count\"> (4)<\/span><\/option><option value=\"umgehungsstrasse\" >Umgehungsstra\u00dfe<span class=\"cvp-count\"> (7)<\/span><\/option><option value=\"umwelt\" >Umwelt<span class=\"cvp-count\"> (13)<\/span><\/option><option value=\"vereine\" >Vereine<span class=\"cvp-count\"> (17)<\/span><\/option><option value=\"verhalten-der-cdu-woellstadt\" >Verhalten der CDU W\u00f6llstadt<span class=\"cvp-count\"> (3)<\/span><\/option><option value=\"verkehrssicherheit\" >Verkehrssicherheit<span class=\"cvp-count\"> (31)<\/span><\/option><option value=\"verwaltung\" >Verwaltung<span class=\"cvp-count\"> (10)<\/span><\/option><option value=\"wirtschaftsfoerderung\" >Wirtschaftsf\u00f6rderung<span class=\"cvp-count\"> (3)<\/span><\/option><option value=\"wochenmarkt\" >Wochenmarkt<span class=\"cvp-count\"> (2)<\/span><\/option><option value=\"wohnen\" >Wohnen<span class=\"cvp-count\"> (6)<\/span><\/option><\/select><\/div><div class=\"pt-cv-view pt-cv-grid pt-cv-colsys pt-cv-same-height pt-cv-pgregular cvp-lfres\" id=\"pt-cv-view-04fea7a03f\"><div data-id=\"pt-cv-page-1\" class=\"pt-cv-page\" data-cvc=\"1\" data-cvct=\"1\" data-cvcm=\"1\"><div class=\"col-md-12 col-sm-12 col-xs-12 pt-cv-content-item pt-cv-2-col\"  data-pid=\"1875\"><div class='pt-cv-ifield'><a href=\"http:\/\/fwg-woellstadt.de\/index.php\/2023\/04\/14\/neubaugebiet-ilbenstaedter-strasse-in-planung\/\" class=\"_self pt-cv-href-thumbnail pt-cv-thumb-left cvplbd cvp-lazy-container\" target=\"_self\" ><img loading=\"lazy\" decoding=\"async\" width=\"300\" height=\"223\" src=\"http:\/\/fwg-woellstadt.de\/wp-content\/plugins\/pt-content-views-pro\/public\/assets\/images\/lazy_image.png\" class=\"pt-cv-thumbnail img-shadow pull-left skip-lazy  no-lazyload  cvplazy\" alt=\"Neubaugebiet Ilbenst\u00e4dter Stra\u00dfe in Planung\" data-cvpsrc=\"http:\/\/fwg-woellstadt.de\/wp-content\/uploads\/2023\/04\/Baugebiet-Ilbenstaedter-Strasse-300x223.jpg\" \/><\/a>\n<div class=\"pt-cv-colwrap\"><div class=\"pt-cv-meta-fields\"><span class=\"entry-date\"> <time datetime=\"2023-04-14T17:13:47+02:00\">14. April 2023<\/time><\/span><span> \/ <\/span><span class=\"terms\"> <a href='http:\/\/fwg-woellstadt.de\/index.php\/tag\/baugebiet-friedhof\/' title='Baugebiet am Friedhof' class='pt-cv-tax-baugebiet-friedhof'>Baugebiet am Friedhof<\/a>, <a href='http:\/\/fwg-woellstadt.de\/index.php\/category\/gemeindepolitik\/' title='Gemeindepolitik' class='pt-cv-tax-gemeindepolitik'>Gemeindepolitik<\/a>, <a href='http:\/\/fwg-woellstadt.de\/index.php\/tag\/neubaugebiet\/' title='Neubaugebiet' class='pt-cv-tax-neubaugebiet'>Neubaugebiet<\/a><\/span><\/div><h3 class=\"pt-cv-title\"><a href=\"http:\/\/fwg-woellstadt.de\/index.php\/2023\/04\/14\/neubaugebiet-ilbenstaedter-strasse-in-planung\/\" class=\"_self cvplbd\" target=\"_self\" >Neubaugebiet Ilbenst\u00e4dter Stra\u00dfe in Planung<\/a><\/h3><div class=\"pt-cv-content\"><strong>Wohnungen auch f\u00fcr W\u00f6llst\u00e4dter B\u00fcrger<\/strong><br \/>Im Gegensatz zur CDU-Fraktion sehen wir in der Entwicklung des Neubaugebietes an der Ilbenst\u00e4dter Stra\u00dfe auch die M\u00f6glichkeit f\u00fcr W\u00f6llst\u00e4dter B\u00fcrger und Familien. Die CDU beklagt die kurze vorrangige Zugriffszeit f\u00fcr unsere B\u00fcrger von vier Wochen. In Wirklichkeit ist es so, dass die Familien einen viel l\u00e4ngeren Zeitraum zur Verf\u00fcgung haben. Durch einen Vorschlag des Investors k\u00f6nnen Bauwillige schon im Vorfeld der Planungen ein Interesse bei unserem Gemeindeamt bekunden. Diese werden ...<br \/><div class=\"pt-cv-rmwrap\"><a href=\"http:\/\/fwg-woellstadt.de\/index.php\/2023\/04\/14\/neubaugebiet-ilbenstaedter-strasse-in-planung\/\" class=\"_self pt-cv-readmore btn btn-success cvplbd\" target=\"_self\">Weiterlesen \u2026<\/a><\/div><\/div><\/div><\/div><\/div>\n<div class=\"col-md-12 col-sm-12 col-xs-12 pt-cv-content-item pt-cv-2-col\"  data-pid=\"2202\"><div class='pt-cv-ifield'><a href=\"http:\/\/fwg-woellstadt.de\/index.php\/2026\/04\/21\/konstituierende-sitzung-der-gemeindevertratung-vom-15-04-2026\/\" class=\"_self pt-cv-href-thumbnail pt-cv-thumb-left cvplbd cvp-lazy-container\" target=\"_self\" ><img loading=\"lazy\" decoding=\"async\" width=\"300\" height=\"223\" src=\"http:\/\/fwg-woellstadt.de\/wp-content\/plugins\/pt-content-views-pro\/public\/assets\/images\/lazy_image.png\" class=\"pt-cv-thumbnail img-shadow pull-left skip-lazy  no-lazyload  cvplazy\" alt=\"Konstituierende Sitzung der Gemeindevertratung vom 15.04.2026\" data-cvpsrc=\"http:\/\/fwg-woellstadt.de\/wp-content\/uploads\/2026\/04\/Bericht_Sitzung_20260415-300x223.jpg\" \/><\/a>\n<div class=\"pt-cv-colwrap\"><div class=\"pt-cv-meta-fields\"><span class=\"entry-date\"> <time datetime=\"2026-04-21T19:02:03+02:00\">21. April 2026<\/time><\/span><span> \/ <\/span><span class=\"terms\"> <a href='http:\/\/fwg-woellstadt.de\/index.php\/category\/gemeindepolitik\/' title='Gemeindepolitik' class='pt-cv-tax-gemeindepolitik'>Gemeindepolitik<\/a><\/span><\/div><h3 class=\"pt-cv-title\"><a href=\"http:\/\/fwg-woellstadt.de\/index.php\/2026\/04\/21\/konstituierende-sitzung-der-gemeindevertratung-vom-15-04-2026\/\" class=\"_self cvplbd\" target=\"_self\" >Konstituierende Sitzung der Gemeindevertratung vom 15.04.2026<\/a><\/h3><div class=\"pt-cv-content\"> ...<br \/><div class=\"pt-cv-rmwrap\"><a href=\"http:\/\/fwg-woellstadt.de\/index.php\/2026\/04\/21\/konstituierende-sitzung-der-gemeindevertratung-vom-15-04-2026\/\" class=\"_self pt-cv-readmore btn btn-success cvplbd\" target=\"_self\">Weiterlesen \u2026<\/a><\/div><\/div><\/div><\/div><\/div>\n<div class=\"col-md-12 col-sm-12 col-xs-12 pt-cv-content-item pt-cv-2-col\"  data-pid=\"2194\"><div class='pt-cv-ifield'><a href=\"http:\/\/fwg-woellstadt.de\/index.php\/2026\/03\/02\/fwg-fruehschoppen-sontag-den-08-maerz\/\" class=\"_self pt-cv-href-thumbnail pt-cv-thumb-left cvplbd cvp-lazy-container\" target=\"_self\" ><img loading=\"lazy\" decoding=\"async\" width=\"300\" height=\"300\" style=\"max-height: 300px;\" src=\"http:\/\/fwg-woellstadt.de\/wp-content\/plugins\/pt-content-views-pro\/public\/assets\/images\/lazy_image.png\" class=\"pt-cv-thumbnail img-shadow pull-left not-found skip-lazy  no-lazyload  cvplazy\" alt=\"FWG Fr\u00fchschoppen Sontag den 08. M\u00e4rz\" data-cvpsrc=\"http:\/\/fwg-woellstadt.de\/wp-content\/plugins\/pt-content-views-pro\/public\/assets\/images\/default_image.png\" \/><\/a>\n<div class=\"pt-cv-colwrap\"><div class=\"pt-cv-meta-fields\"><span class=\"entry-date\"> <time datetime=\"2026-03-02T12:58:29+01:00\">2. M\u00e4rz 2026<\/time><\/span><span> \/ <\/span><span class=\"terms\"> <a href='http:\/\/fwg-woellstadt.de\/index.php\/category\/gemeindepolitik\/' title='Gemeindepolitik' class='pt-cv-tax-gemeindepolitik'>Gemeindepolitik<\/a><\/span><\/div><h3 class=\"pt-cv-title\"><a href=\"http:\/\/fwg-woellstadt.de\/index.php\/2026\/03\/02\/fwg-fruehschoppen-sontag-den-08-maerz\/\" class=\"_self cvplbd\" target=\"_self\" >FWG Fr\u00fchschoppen Sontag den 08. M\u00e4rz<\/a><\/h3><div class=\"pt-cv-content\"><a id=\"wp-block-file--media-33dce50f-7851-4b02-8833-74d25b36d265\" href=\"http:\/\/fwg-woellstadt.de\/wp-content\/uploads\/2026\/03\/FWG-Fruehschoppen-08.-Maerz.pdf\">FWG Fr\u00fchschoppen 08. M\u00e4rz<\/a><a href=\"http:\/\/fwg-woellstadt.de\/wp-content\/uploads\/2026\/03\/FWG-Fruehschoppen-08.-Maerz.pdf\" class=\"wp-block-file__button wp-element-button\" download aria-describedby=\"wp-block-file--media-33dce50f-7851-4b02-8833-74d25b36d265\">Herunterladen<\/a> ...<br \/><div class=\"pt-cv-rmwrap\"><a href=\"http:\/\/fwg-woellstadt.de\/index.php\/2026\/03\/02\/fwg-fruehschoppen-sontag-den-08-maerz\/\" class=\"_self pt-cv-readmore btn btn-success cvplbd\" target=\"_self\">Weiterlesen \u2026<\/a><\/div><\/div><\/div><\/div><\/div>\n<div class=\"col-md-12 col-sm-12 col-xs-12 pt-cv-content-item pt-cv-2-col\"  data-pid=\"2187\"><div class='pt-cv-ifield'><a href=\"http:\/\/fwg-woellstadt.de\/index.php\/2026\/02\/28\/29-woellstadter-nachrichten-die-schuldenluege\/\" class=\"_self pt-cv-href-thumbnail pt-cv-thumb-left cvplbd cvp-lazy-container\" target=\"_self\" ><img loading=\"lazy\" decoding=\"async\" width=\"300\" height=\"300\" style=\"max-height: 300px;\" src=\"http:\/\/fwg-woellstadt.de\/wp-content\/plugins\/pt-content-views-pro\/public\/assets\/images\/lazy_image.png\" class=\"pt-cv-thumbnail img-shadow pull-left not-found skip-lazy  no-lazyload  cvplazy\" alt=\"29. W\u00f6llstadter Nachrichten - Die Schuldenl\u00fcge\" data-cvpsrc=\"http:\/\/fwg-woellstadt.de\/wp-content\/plugins\/pt-content-views-pro\/public\/assets\/images\/default_image.png\" \/><\/a>\n<div class=\"pt-cv-colwrap\"><div class=\"pt-cv-meta-fields\"><span class=\"entry-date\"> <time datetime=\"2026-02-28T08:20:39+01:00\">28. Februar 2026<\/time><\/span><span> \/ <\/span><span class=\"terms\"> <a href='http:\/\/fwg-woellstadt.de\/index.php\/category\/gemeindepolitik\/' title='Gemeindepolitik' class='pt-cv-tax-gemeindepolitik'>Gemeindepolitik<\/a><\/span><\/div><h3 class=\"pt-cv-title\"><a href=\"http:\/\/fwg-woellstadt.de\/index.php\/2026\/02\/28\/29-woellstadter-nachrichten-die-schuldenluege\/\" class=\"_self cvplbd\" target=\"_self\" >29. W\u00f6llstadter Nachrichten &#8211; Die Schuldenl\u00fcge<\/a><\/h3><div class=\"pt-cv-content\"><a id=\"wp-block-file--media-c6f88742-4fb2-47d7-92b6-32ce8e103053\" href=\"http:\/\/fwg-woellstadt.de\/wp-content\/uploads\/2026\/02\/29.-Woellstadter-Nachrichten-1.pdf\">29. W\u00f6llstadter Nachrichten<\/a><a href=\"http:\/\/fwg-woellstadt.de\/wp-content\/uploads\/2026\/02\/29.-Woellstadter-Nachrichten-1.pdf\" class=\"wp-block-file__button wp-element-button\" download aria-describedby=\"wp-block-file--media-c6f88742-4fb2-47d7-92b6-32ce8e103053\">Herunterladen<\/a> ...<br \/><div class=\"pt-cv-rmwrap\"><a href=\"http:\/\/fwg-woellstadt.de\/index.php\/2026\/02\/28\/29-woellstadter-nachrichten-die-schuldenluege\/\" class=\"_self pt-cv-readmore btn btn-success cvplbd\" target=\"_self\">Weiterlesen \u2026<\/a><\/div><\/div><\/div><\/div><\/div>\n<div class=\"col-md-12 col-sm-12 col-xs-12 pt-cv-content-item pt-cv-2-col\"  data-pid=\"2184\"><div class='pt-cv-ifield'><a href=\"http:\/\/fwg-woellstadt.de\/index.php\/2026\/02\/27\/fwg-antrag-zur-verbesserung-bei-der-kinderbetreuung\/\" class=\"_self pt-cv-href-thumbnail pt-cv-thumb-left cvplbd cvp-lazy-container\" target=\"_self\" ><img loading=\"lazy\" decoding=\"async\" width=\"300\" height=\"300\" style=\"max-height: 300px;\" src=\"http:\/\/fwg-woellstadt.de\/wp-content\/plugins\/pt-content-views-pro\/public\/assets\/images\/lazy_image.png\" class=\"pt-cv-thumbnail img-shadow pull-left not-found skip-lazy  no-lazyload  cvplazy\" alt=\"FWG Antrag zur Verbesserung bei der Kinderbetreuung\" data-cvpsrc=\"http:\/\/fwg-woellstadt.de\/wp-content\/plugins\/pt-content-views-pro\/public\/assets\/images\/default_image.png\" \/><\/a>\n<div class=\"pt-cv-colwrap\"><div class=\"pt-cv-meta-fields\"><span class=\"entry-date\"> <time datetime=\"2026-02-27T17:09:19+01:00\">27. Februar 2026<\/time><\/span><span> \/ <\/span><span class=\"terms\"> <a href='http:\/\/fwg-woellstadt.de\/index.php\/category\/gemeindepolitik\/' title='Gemeindepolitik' class='pt-cv-tax-gemeindepolitik'>Gemeindepolitik<\/a><\/span><\/div><h3 class=\"pt-cv-title\"><a href=\"http:\/\/fwg-woellstadt.de\/index.php\/2026\/02\/27\/fwg-antrag-zur-verbesserung-bei-der-kinderbetreuung\/\" class=\"_self cvplbd\" target=\"_self\" >FWG Antrag zur Verbesserung bei der Kinderbetreuung<\/a><\/h3><div class=\"pt-cv-content\"><a id=\"wp-block-file--media-7561cbd8-c52b-4a0b-8a84-58d27cda4b9d\" href=\"http:\/\/fwg-woellstadt.de\/wp-content\/uploads\/2026\/02\/FWG-Antrag-zur-Verbesserung-bei-der-Kinderbetreuung-2.pdf\">FWG Antrag zur Verbesserung bei der Kinderbetreuung<\/a><a href=\"http:\/\/fwg-woellstadt.de\/wp-content\/uploads\/2026\/02\/FWG-Antrag-zur-Verbesserung-bei-der-Kinderbetreuung-2.pdf\" class=\"wp-block-file__button wp-element-button\" download aria-describedby=\"wp-block-file--media-7561cbd8-c52b-4a0b-8a84-58d27cda4b9d\">Herunterladen<\/a> ...<br \/><div class=\"pt-cv-rmwrap\"><a href=\"http:\/\/fwg-woellstadt.de\/index.php\/2026\/02\/27\/fwg-antrag-zur-verbesserung-bei-der-kinderbetreuung\/\" class=\"_self pt-cv-readmore btn btn-success cvplbd\" target=\"_self\">Weiterlesen \u2026<\/a><\/div><\/div><\/div><\/div><\/div>\n<div class=\"col-md-12 col-sm-12 col-xs-12 pt-cv-content-item pt-cv-2-col\"  data-pid=\"2168\"><div class='pt-cv-ifield'><a href=\"http:\/\/fwg-woellstadt.de\/index.php\/2026\/02\/19\/wahlbroschuere-fwg\/\" class=\"_self pt-cv-href-thumbnail pt-cv-thumb-left cvplbd cvp-lazy-container\" target=\"_self\" ><img loading=\"lazy\" decoding=\"async\" width=\"300\" height=\"196\" src=\"http:\/\/fwg-woellstadt.de\/wp-content\/plugins\/pt-content-views-pro\/public\/assets\/images\/lazy_image.png\" class=\"pt-cv-thumbnail img-shadow pull-left skip-lazy  no-lazyload  cvplazy\" alt=\"Wahlbrosch\u00fcre FWG\" data-cvpsrc=\"http:\/\/fwg-woellstadt.de\/wp-content\/uploads\/2026\/02\/Wahlkampfbroschuere_Bild-300x196.jpg\" \/><\/a>\n<div class=\"pt-cv-colwrap\"><div class=\"pt-cv-meta-fields\"><span class=\"entry-date\"> <time datetime=\"2026-02-19T11:11:42+01:00\">19. Februar 2026<\/time><\/span><span> \/ <\/span><span class=\"terms\"> <a href='http:\/\/fwg-woellstadt.de\/index.php\/category\/gemeindepolitik\/' title='Gemeindepolitik' class='pt-cv-tax-gemeindepolitik'>Gemeindepolitik<\/a><\/span><\/div><h3 class=\"pt-cv-title\"><a href=\"http:\/\/fwg-woellstadt.de\/index.php\/2026\/02\/19\/wahlbroschuere-fwg\/\" class=\"_self cvplbd\" target=\"_self\" >Wahlbrosch\u00fcre FWG<\/a><\/h3><div class=\"pt-cv-content\"><strong>Liebe W\u00f6llst\u00e4dterinnen,<br \/>liebe W\u00f6llst\u00e4dter,<\/strong> bei der <strong>Kommunalwahl am 15.M\u00e4rz 2026<\/strong> entscheiden <br \/>Sie \u00fcber die <strong>Zukunft W\u00f6llstadts<\/strong>! <a id=\"wp-block-file--media-6d3ea22f-1c5b-4baf-a183-f4c618e7d0c3\" href=\"http:\/\/fwg-woellstadt.de\/wp-content\/uploads\/2026\/02\/WahlbroschuereFinaleDruckdatei_NEU_WEBVersion.pdf\">Wahlbrosch\u00fcreFinaleDruckdatei_NEU_WEBVersion<\/a><a href=\"http:\/\/fwg-woellstadt.de\/wp-content\/uploads\/2026\/02\/WahlbroschuereFinaleDruckdatei_NEU_WEBVersion.pdf\" class=\"wp-block-file__button wp-element-button\" download aria-describedby=\"wp-block-file--media-6d3ea22f-1c5b-4baf-a183-f4c618e7d0c3\">Herunterladen<\/a> ...<br \/><div class=\"pt-cv-rmwrap\"><a href=\"http:\/\/fwg-woellstadt.de\/index.php\/2026\/02\/19\/wahlbroschuere-fwg\/\" class=\"_self pt-cv-readmore btn btn-success cvplbd\" target=\"_self\">Weiterlesen \u2026<\/a><\/div><\/div><\/div><\/div><\/div>\n<div class=\"col-md-12 col-sm-12 col-xs-12 pt-cv-content-item pt-cv-2-col\"  data-pid=\"2139\"><div class='pt-cv-ifield'><a href=\"http:\/\/fwg-woellstadt.de\/index.php\/2026\/02\/19\/haushaltsrede-fwg-fraktion-13-02-2026\/\" class=\"_self pt-cv-href-thumbnail pt-cv-thumb-left cvplbd cvp-lazy-container\" target=\"_self\" ><img loading=\"lazy\" decoding=\"async\" width=\"300\" height=\"300\" style=\"max-height: 300px;\" src=\"http:\/\/fwg-woellstadt.de\/wp-content\/plugins\/pt-content-views-pro\/public\/assets\/images\/lazy_image.png\" class=\"pt-cv-thumbnail img-shadow pull-left not-found skip-lazy  no-lazyload  cvplazy\" alt=\"Haushaltsrede FWG-Fraktion 13.02.2026\" data-cvpsrc=\"http:\/\/fwg-woellstadt.de\/wp-content\/plugins\/pt-content-views-pro\/public\/assets\/images\/default_image.png\" \/><\/a>\n<div class=\"pt-cv-colwrap\"><div class=\"pt-cv-meta-fields\"><span class=\"entry-date\"> <time datetime=\"2026-02-19T09:33:32+01:00\">19. Februar 2026<\/time><\/span><span> \/ <\/span><span class=\"terms\"> <a href='http:\/\/fwg-woellstadt.de\/index.php\/category\/gemeindepolitik\/' title='Gemeindepolitik' class='pt-cv-tax-gemeindepolitik'>Gemeindepolitik<\/a><\/span><\/div><h3 class=\"pt-cv-title\"><a href=\"http:\/\/fwg-woellstadt.de\/index.php\/2026\/02\/19\/haushaltsrede-fwg-fraktion-13-02-2026\/\" class=\"_self cvplbd\" target=\"_self\" >Haushaltsrede FWG-Fraktion 13.02.2026<\/a><\/h3><div class=\"pt-cv-content\"><a id=\"wp-block-file--media-78b66119-1842-44a6-8b17-e3c2d88dac08\" href=\"http:\/\/fwg-woellstadt.de\/wp-content\/uploads\/2026\/02\/20260205_Haushaltsrede_V3-Bianca.pdf\">20260205_Haushaltsrede_V3 Bianca<\/a><a href=\"http:\/\/fwg-woellstadt.de\/wp-content\/uploads\/2026\/02\/20260205_Haushaltsrede_V3-Bianca.pdf\" class=\"wp-block-file__button wp-element-button\" download aria-describedby=\"wp-block-file--media-78b66119-1842-44a6-8b17-e3c2d88dac08\">Herunterladen<\/a> ...<br \/><div class=\"pt-cv-rmwrap\"><a href=\"http:\/\/fwg-woellstadt.de\/index.php\/2026\/02\/19\/haushaltsrede-fwg-fraktion-13-02-2026\/\" class=\"_self pt-cv-readmore btn btn-success cvplbd\" target=\"_self\">Weiterlesen \u2026<\/a><\/div><\/div><\/div><\/div><\/div>\n<div class=\"col-md-12 col-sm-12 col-xs-12 pt-cv-content-item pt-cv-2-col\"  data-pid=\"2160\"><div class='pt-cv-ifield'><a href=\"http:\/\/fwg-woellstadt.de\/index.php\/2026\/02\/18\/stellungnahme-von-herrn-buergermeister-markus-schuetz-zum-aenderungsantrag-at20260071-senkung-grundsteuer-a-und-b\/\" class=\"_self pt-cv-href-thumbnail pt-cv-thumb-left cvplbd cvp-lazy-container\" target=\"_self\" ><img loading=\"lazy\" decoding=\"async\" width=\"300\" height=\"300\" style=\"max-height: 300px;\" src=\"http:\/\/fwg-woellstadt.de\/wp-content\/plugins\/pt-content-views-pro\/public\/assets\/images\/lazy_image.png\" class=\"pt-cv-thumbnail img-shadow pull-left not-found skip-lazy  no-lazyload  cvplazy\" alt=\"Stellungnahme von Herrn B\u00fcrgermeister Markus Sch\u00fctz zum \u00c4nderungsantrag AT20260071 Senkung Grundsteuer A und B\" data-cvpsrc=\"http:\/\/fwg-woellstadt.de\/wp-content\/plugins\/pt-content-views-pro\/public\/assets\/images\/default_image.png\" \/><\/a>\n<div class=\"pt-cv-colwrap\"><div class=\"pt-cv-meta-fields\"><span class=\"entry-date\"> <time datetime=\"2026-02-18T09:23:29+01:00\">18. Februar 2026<\/time><\/span><span> \/ <\/span><span class=\"terms\"> <a href='http:\/\/fwg-woellstadt.de\/index.php\/category\/gemeindepolitik\/' title='Gemeindepolitik' class='pt-cv-tax-gemeindepolitik'>Gemeindepolitik<\/a><\/span><\/div><h3 class=\"pt-cv-title\"><a href=\"http:\/\/fwg-woellstadt.de\/index.php\/2026\/02\/18\/stellungnahme-von-herrn-buergermeister-markus-schuetz-zum-aenderungsantrag-at20260071-senkung-grundsteuer-a-und-b\/\" class=\"_self cvplbd\" target=\"_self\" >Stellungnahme von Herrn B\u00fcrgermeister Markus Sch\u00fctz zum \u00c4nderungsantrag AT20260071 Senkung Grundsteuer A und B<\/a><\/h3><div class=\"pt-cv-content\"><a id=\"wp-block-file--media-f4fd74fe-0e30-4cd5-892c-7f4b7349e233\" href=\"http:\/\/fwg-woellstadt.de\/wp-content\/uploads\/2026\/02\/Stellungnahme-von-Herrn-Buergermeister-Markus-Schuetz-zum-Aenderungsantrag-AT20260071-Senkung-Grundsteuer-A-und-B-5.pdf\">Stellungnahme von Herrn B\u00fcrgermeister Markus Sch\u00fctz zum \u00c4nderungsantrag AT20260071 Senkung Grundsteuer A und B<\/a><a href=\"http:\/\/fwg-woellstadt.de\/wp-content\/uploads\/2026\/02\/Stellungnahme-von-Herrn-Buergermeister-Markus-Schuetz-zum-Aenderungsantrag-AT20260071-Senkung-Grundsteuer-A-und-B-5.pdf\" class=\"wp-block-file__button wp-element-button\" download aria-describedby=\"wp-block-file--media-f4fd74fe-0e30-4cd5-892c-7f4b7349e233\">Herunterladen<\/a> ...<br \/><div class=\"pt-cv-rmwrap\"><a href=\"http:\/\/fwg-woellstadt.de\/index.php\/2026\/02\/18\/stellungnahme-von-herrn-buergermeister-markus-schuetz-zum-aenderungsantrag-at20260071-senkung-grundsteuer-a-und-b\/\" class=\"_self pt-cv-readmore btn btn-success cvplbd\" target=\"_self\">Weiterlesen \u2026<\/a><\/div><\/div><\/div><\/div><\/div>\n<div class=\"col-md-12 col-sm-12 col-xs-12 pt-cv-content-item pt-cv-2-col\"  data-pid=\"2131\"><div class='pt-cv-ifield'><a href=\"http:\/\/fwg-woellstadt.de\/index.php\/2026\/01\/28\/kontra-pro-woellstadt\/\" class=\"_self pt-cv-href-thumbnail pt-cv-thumb-left cvplbd cvp-lazy-container\" target=\"_self\" ><img loading=\"lazy\" decoding=\"async\" width=\"300\" height=\"300\" style=\"max-height: 300px;\" src=\"http:\/\/fwg-woellstadt.de\/wp-content\/plugins\/pt-content-views-pro\/public\/assets\/images\/lazy_image.png\" class=\"pt-cv-thumbnail img-shadow pull-left not-found skip-lazy  no-lazyload  cvplazy\" alt=\"Kontra Pro Wo\u0308llstadt\" data-cvpsrc=\"http:\/\/fwg-woellstadt.de\/wp-content\/plugins\/pt-content-views-pro\/public\/assets\/images\/default_image.png\" \/><\/a>\n<div class=\"pt-cv-colwrap\"><div class=\"pt-cv-meta-fields\"><span class=\"entry-date\"> <time datetime=\"2026-01-28T08:03:22+01:00\">28. Januar 2026<\/time><\/span><span> \/ <\/span><span class=\"terms\"> <a href='http:\/\/fwg-woellstadt.de\/index.php\/category\/gemeindepolitik\/' title='Gemeindepolitik' class='pt-cv-tax-gemeindepolitik'>Gemeindepolitik<\/a><\/span><\/div><h3 class=\"pt-cv-title\"><a href=\"http:\/\/fwg-woellstadt.de\/index.php\/2026\/01\/28\/kontra-pro-woellstadt\/\" class=\"_self cvplbd\" target=\"_self\" >Kontra Pro Wo\u0308llstadt<\/a><\/h3><div class=\"pt-cv-content\">Kommunalwahl am 15. M\u00e4rz 2026 \u2013 Ihre Stimme f\u00fcr die FWG \u2013 \u201eGemeinsam f\u00fcr W\u00f6llstadt\u201c<br \/>Der Wahlkampf in W\u00f6llstadt hat begonnen. Unterschiedliche politische Ans\u00e4tze und Ideen geh\u00f6ren zur Demokratie dazu und sind wichtig, um die besten L\u00f6sungen f\u00fcr die Zukunft unserer Gemeinde zu finden. Entscheidend ist dabei, dass die B\u00fcrgerinnen und B\u00fcrger transparent und gut informiert werden um sich auf einer sachlichen Grundlage eine Meinung bilden k\u00f6nnen. <br \/>Seit Monaten wird die Gemeindevertretung mit Antr\u00e4gen von Pro ...<br \/><div class=\"pt-cv-rmwrap\"><a href=\"http:\/\/fwg-woellstadt.de\/index.php\/2026\/01\/28\/kontra-pro-woellstadt\/\" class=\"_self pt-cv-readmore btn btn-success cvplbd\" target=\"_self\">Weiterlesen \u2026<\/a><\/div><\/div><\/div><\/div><\/div><\/div><\/div>\n<div class=\"text-left pt-cv-pagination-wrapper\"><ul class=\"pt-cv-pagination pt-cv-ajax pagination\" data-totalpages=\"37\" data-currentpage=\"1\" data-sid=\"04fea7a03f\" data-unid=\"\" data-isblock=\"\" data-postid=\"\"><li class=\"active\"><a href=\"#\">1<\/a><\/li>\n\t<li ><a class=\"\" href=\"http:\/\/fwg-woellstadt.de\/index.php\/wp-json\/wp\/v2\/pages\/758\/?_page=2\">2<\/a><\/li>\n\t<li ><a class=\"\" href=\"http:\/\/fwg-woellstadt.de\/index.php\/wp-json\/wp\/v2\/pages\/758\/?_page=3\">3<\/a><\/li>\n\t<li ><a href=\"#\">&hellip;<\/a><\/li>\n\t<li ><a class=\"\" href=\"http:\/\/fwg-woellstadt.de\/index.php\/wp-json\/wp\/v2\/pages\/758\/?_page=37\">37<\/a><\/li>\n\t<li ><a class=\" \" href=\"http:\/\/fwg-woellstadt.de\/index.php\/wp-json\/wp\/v2\/pages\/758\/?_page=2\">&rsaquo;<\/a><\/li>\n\t<\/ul><img loading=\"lazy\" decoding=\"async\" width=\"15\" height=\"15\" class=\"pt-cv-spinner\" alt=\"Wird geladen\u00a0\u2026\" src=\"data:image\/gif;base64,R0lGODlhDwAPALMPAMrKygwMDJOTkz09PZWVla+vr3p6euTk5M7OzuXl5TMzMwAAAJmZmWZmZszMzP\/\/\/yH\/C05FVFNDQVBFMi4wAwEAAAAh+QQFCgAPACwAAAAADwAPAAAEQvDJaZaZOIcV8iQK8VRX4iTYoAwZ4iCYoAjZ4RxejhVNoT+mRGP4cyF4Pp0N98sBGIBMEMOotl6YZ3S61Bmbkm4mAgAh+QQFCgAPACwAAAAADQANAAAENPDJSRSZeA418itN8QiK8BiLITVsFiyBBIoYqnoewAD4xPw9iY4XLGYSjkQR4UAUD45DLwIAIfkEBQoADwAsAAAAAA8ACQAABC\/wyVlamTi3nSdgwFNdhEJgTJoNyoB9ISYoQmdjiZPcj7EYCAeCF1gEDo4Dz2eIAAAh+QQFCgAPACwCAAAADQANAAAEM\/DJBxiYeLKdX3IJZT1FU0iIg2RNKx3OkZVnZ98ToRD4MyiDnkAh6BkNC0MvsAj0kMpHBAAh+QQFCgAPACwGAAAACQAPAAAEMDC59KpFDll73HkAA2wVY5KgiK5b0RRoI6MuzG6EQqCDMlSGheEhUAgqgUUAFRySIgAh+QQFCgAPACwCAAIADQANAAAEM\/DJKZNLND\/kkKaHc3xk+QAMYDKsiaqmZCxGVjSFFCxB1vwy2oOgIDxuucxAMTAJFAJNBAAh+QQFCgAPACwAAAYADwAJAAAEMNAs86q1yaWwwv2Ig0jUZx3OYa4XoRAfwADXoAwfo1+CIjyFRuEho60aSNYlOPxEAAAh+QQFCgAPACwAAAIADQANAAAENPA9s4y8+IUVcqaWJ4qEQozSoAzoIyhCK2NFU2SJk0hNnyEOhKR2AzAAj4Pj4GE4W0bkJQIAOw==\" \/><div class=\"clear pt-cv-clear-pagination\"><\/div><\/div><\/div>\t\t\t<style type=\"text\/css\" id=\"pt-cv-inline-style-a6570090ai\">#pt-cv-view-04fea7a03f .pt-cv-title a, #pt-cv-view-04fea7a03f  .panel-title { text-decoration: underline !important; font-weight: 600 !important; }\n#pt-cv-view-04fea7a03f .pt-cv-carousel-caption  { background-color: rgba(51,51,51,.6) !important; }\n#pt-cv-view-04fea7a03f .pt-cv-specialp { background-color: #CC3333 !important }\n#pt-cv-view-04fea7a03f .pt-cv-specialp * { color: #fff !important; }\n#pt-cv-view-04fea7a03f .pt-cv-pficon  { color: #bbb !important; }\n#pt-cv-view-04fea7a03f .pt-cv-readmore  { color: #ffffff !important; background-color: #ea7235 !important; }\n#pt-cv-view-04fea7a03f .pt-cv-readmore:hover  { color: #ffffff !important; background-color: #ea814d !important; }\n#pt-cv-view-04fea7a03f  + .pt-cv-pagination-wrapper .pt-cv-more , #pt-cv-view-04fea7a03f  + .pt-cv-pagination-wrapper .pagination .active a { color: #ffffff !important; background-color: #0769bf !important; }<\/style>\r\n\t\t\t\n\n\n\n<p><\/p>\n","protected":false},"excerpt":{"rendered":"<div class=\"mh-excerpt\"><\/div>","protected":false},"author":2,"featured_media":0,"parent":0,"menu_order":0,"comment_status":"closed","ping_status":"closed","template":"","meta":{"_EventAllDay":false,"_EventTimezone":"","_EventStartDate":"","_EventEndDate":"","_EventStartDateUTC":"","_EventEndDateUTC":"","_EventShowMap":false,"_EventShowMapLink":false,"_EventURL":"","_EventCost":"","_EventCostDescription":"","_EventCurrencySymbol":"","_EventCurrencyCode":"","_EventCurrencyPosition":"","_EventDateTimeSeparator":"","_EventTimeRangeSeparator":"","_EventOrganizerID":[],"_EventVenueID":[],"_OrganizerEmail":"","_OrganizerPhone":"","_OrganizerWebsite":"","_VenueAddress":"","_VenueCity":"","_VenueCountry":"","_VenueProvince":"","_VenueState":"","_VenueZip":"","_VenuePhone":"","_VenueURL":"","_VenueStateProvince":"","_VenueLat":"","_VenueLng":"","_VenueShowMap":false,"_VenueShowMapLink":false,"footnotes":""},"class_list":["post-758","page","type-page","status-publish"],"_links":{"self":[{"href":"http:\/\/fwg-woellstadt.de\/index.php\/wp-json\/wp\/v2\/pages\/758","targetHints":{"allow":["GET"]}}],"collection":[{"href":"http:\/\/fwg-woellstadt.de\/index.php\/wp-json\/wp\/v2\/pages"}],"about":[{"href":"http:\/\/fwg-woellstadt.de\/index.php\/wp-json\/wp\/v2\/types\/page"}],"author":[{"embeddable":true,"href":"http:\/\/fwg-woellstadt.de\/index.php\/wp-json\/wp\/v2\/users\/2"}],"replies":[{"embeddable":true,"href":"http:\/\/fwg-woellstadt.de\/index.php\/wp-json\/wp\/v2\/comments?post=758"}],"version-history":[{"count":2,"href":"http:\/\/fwg-woellstadt.de\/index.php\/wp-json\/wp\/v2\/pages\/758\/revisions"}],"predecessor-version":[{"id":770,"href":"http:\/\/fwg-woellstadt.de\/index.php\/wp-json\/wp\/v2\/pages\/758\/revisions\/770"}],"wp:attachment":[{"href":"http:\/\/fwg-woellstadt.de\/index.php\/wp-json\/wp\/v2\/media?parent=758"}],"curies":[{"name":"wp","href":"https:\/\/api.w.org\/{rel}","templated":true}]}}